{"id":74,"date":"2013-01-13T15:43:51","date_gmt":"2013-01-13T15:43:51","guid":{"rendered":"http:\/\/www.diegocamacho.es\/?page_id=74"},"modified":"2021-02-21T03:14:20","modified_gmt":"2021-02-21T03:14:20","slug":"acerca-de-mi","status":"publish","type":"page","link":"https:\/\/www.diegocamacho.es\/?page_id=74","title":{"rendered":"Diego"},"content":{"rendered":"<p style=\"text-align: justify;\">Hola, soy <em><strong>Diego<\/strong><\/em>.<\/p>\n<p style=\"text-align: justify;\">Desde que era peque\u00f1o quise ser jugador de f\u00fatbol y poder hacerlo en Primera Divisi\u00f3n. Incluso so\u00f1\u00e9 con llegar a jugar en la selecci\u00f3n. Y he conseguido hacer realidad la gran mayor\u00eda de mis sue\u00f1os. He disfrutado jugando en los mejores estadios y contra los mejores jugadores del mundo.<\/p>\n<p style=\"text-align: justify;\">Gracias a mi <em><strong>constancia<\/strong><\/em>, a mi <em><strong>sacrificio<\/strong><\/em> &#8211; sobre todo en las edades cr\u00edticas &#8211; y a la tremenda ilusi\u00f3n por hacer realidad mis sue\u00f1os, he tenido la oportunidad de jugar en Primera Divisi\u00f3n muchos a\u00f1os. Y la aprovech\u00e9.<\/p>\n<p style=\"text-align: justify;\">De modo que considero que tengo <em><strong>\u00e9xito<\/strong><\/em> en mi vida. Porque sigo cumpliendo sue\u00f1os.<\/p>\n<p style=\"text-align: justify;\">Pero siempre ech\u00e9 de menos un entrenamiento m\u00e1s espec\u00edfico que me ayudara a mejorar en todas las capacidades f\u00edsicas, t\u00e9cnicas y t\u00e1cticas que podemos desarrollar. Incluso la psicol\u00f3gica, quiz\u00e1s la m\u00e1s importante de todas ellas. Y lo encontr\u00e9 en pocos entrenadores.&nbsp;Porque&nbsp;en un club no disfrutas del entrenamiento individualizado que cada tipo de jugador necesita.<\/p>\n<p style=\"text-align: justify;\">Por eso siempre supe que cuando terminara mi carrera como jugador me dedicar\u00eda a entrenar. Esa es la manera m\u00e1s sencilla y directa de poder ayudar y de colaborar con el deportista a mejorar en lo que se proponga. &nbsp;Siempre necesit\u00e9 a alguien a mi lado que me orientara y me ayudara a tener confianza en mis posibilidades, en mi potencial, que me diera seguridad para enfrentarme a nuevos retos, para atreverme a hacer cosas nuevas. Igual que otros muchos jugadores.<\/p>\n<p style=\"text-align: justify;\">Y por eso estoy aqu\u00ed. Porque soy capaz de ofrecer todo esto. Tanto a j\u00f3venes futbolistas como a m\u00e1s mayores. Incluso futbolistas que compiten pero que necesitan un plus de conocimiento y habilidad y que no lo encuentran en sus clubes. Porque ayudar a los dem\u00e1s en algo que hubiera deseado que hicieran conimigo me hace muy feliz y disfruto enormemente con ello. Recordad que s\u00ed se puede hacer.<\/p>\n<p style=\"text-align: justify;\">Aunque nunca se sabe qu\u00e9 ni\u00f1os o qu\u00e9 ni\u00f1as llegar\u00e1n a jugar en el f\u00fatbol profesional, lo m\u00e1s bonito de todo es recorrer ese camino deseando &nbsp;<em><strong>hacer realidad los sue\u00f1os<\/strong><\/em>. Nos ayudar\u00e1 a conocernos mucho mejor a nosotros mismos, saber qu\u00e9 habilidades tenemos, cu\u00e1les son nuestros puntos fuertes, qu\u00e9 es lo que debemos trabajar y potenciar m\u00e1s, c\u00f3mo nos relacionamos con los&nbsp;compa\u00f1eros, c\u00f3mo trabajamos en equipo o de&nbsp;qu\u00e9&nbsp;manera nos afecta el \u00e9xito o la derrota.<\/p>\n<p style=\"text-align: justify;\">Esto es muy bonito y os animo a todos a que recorr\u00e1is ese camino con toda la <em><strong>valent\u00eda<\/strong><\/em> y el <em><strong>coraje<\/strong><\/em> &nbsp;del mundo y con la <em><strong>ilusi\u00f3n<\/strong><\/em> por todo lo alto. No baj\u00e9is nunca los brazos ante los contratiempos. Miradlo como un nuevo reto que se os presenta. Podr\u00e9is superarlo.&nbsp;Y haced esto en cualquier deporte y, sobre todo, en cualquier aspecto de la vida.<\/p>\n<p style=\"text-align: justify;\">Vosotros<em><strong> pod\u00e9is hacerlo. <\/strong><\/em>Seguro<em><strong>.<\/strong><\/em><\/p>\n<table style=\"table-layout: fixed;\" width=\"100%\" cellspacing=\"0\" cellpadding=\"4\">\n<tbody>\n<tr>\n<td style=\"width: 100%;\">\n<p style=\"text-align: left;\"><strong>C.V<\/strong><em><strong>.<\/strong><\/em><strong>DEPORTIVO<\/strong><\/p>\n<p align=\"JUSTIFY\">2010-2011. ALBACETE BALOMPIE &#8211; 2\u00aa Divisi\u00f3n.<\/p>\n<p align=\"JUSTIFY\">2009-2010 REAL SPORTING DE GIJ\u00d3N &#8211; <b>1\u00aa DIVISI\u00d3N<\/b><\/p>\n<p align=\"JUSTIFY\">2008-2009 REAL SPORTING DE GIJ\u00d3N &#8211; <b>1\u00aa DIVISI\u00d3N<\/b><\/p>\n<p><i>2007-2008 <\/i>REAL VALLADOLID S.A.D. &#8211; <b>1\u00aa DIVISI\u00d3N<\/b><\/p>\n<p align=\"JUSTIFY\"><i>2006-2007<\/i> LEVANTE U.D. &#8211; <b>1\u00aa DIVISI\u00d3N.<\/b><\/p>\n<p align=\"JUSTIFY\"><i>2005-2006 <\/i>LEVANTE U.D. &#8211; 2\u00aa Divisi\u00f3n<\/p>\n<p align=\"JUSTIFY\"><span style=\"font-family: 'Liberation Serif', serif;\" data-mce-mark=\"1\">&nbsp; &nbsp; &nbsp; &nbsp; &nbsp; &nbsp; &nbsp;\u25ba<\/span><strong>ASCENSO A <\/strong><b>1\u00aa DIV.<\/b><\/p>\n<p><i>2004-2005 <\/i>LEVANTE U.D. &#8211; <b>1\u00aa DIVISI\u00d3N.<\/b><\/p>\n<p align=\"JUSTIFY\"><i>2003-2004<\/i> RECREATIVO DE HUELVA S.A.D. &#8211; 2\u00aa Divisi\u00f3n<\/p>\n<p><i>2002-2003<\/i> RECREATIVO DE HUELVA S.A.D. &#8211; <b>1\u00aa DIVISI\u00d3N<\/b><\/p>\n<p><span style=\"font-family: 'Liberation Serif', serif;\" data-mce-mark=\"1\">&nbsp; &nbsp; &nbsp; &nbsp; &nbsp; &nbsp; &nbsp;\u25ba<\/span><b>SUBCAMPE\u00d3N DE LA COPA DE S.M. REY<\/b><\/p>\n<p><i>2001-2002<\/i> GRANADA C.F. &#8211; 2\u00aa Divisi\u00f3n B.<\/p>\n<p><i>2000-2001<\/i> R.S. GIMNASTICA DE TORRELAVEGA. &#8211; 2\u00aaDivisi\u00f3n B.<\/p>\n<p align=\"JUSTIFY\"><i>1999-2000<\/i> C.D. LUGO. &#8211; 2\u00aa Divisi\u00f3n B.<\/p>\n<p><i>1998-1999 <\/i> C.D. LUGO. &#8211; 2\u00aa Divisi\u00f3n B.<\/p>\n<p><i>1998-1999 <\/i>MURCIA C.F. &#8211; 2\u00aa Divisi\u00f3n B.<\/p>\n<p><i>1997-1998<\/i> GIMNASTIC DE TARRAGONA. &#8211; 2\u00aa Divisi\u00f3n B.<\/p>\n<p><i>1996-1997<\/i> BURGOS C.F. &#8211; 3\u00aa Divisi\u00f3n<\/p>\n<p><span style=\"font-family: 'Liberation Serif', serif;\" data-mce-mark=\"1\">&nbsp; &nbsp; &nbsp; &nbsp; &nbsp; &nbsp; &nbsp; \u25ba<\/span><strong>ASCENSO A 2\u00aaDIV. B.<\/strong><\/p>\n<p align=\"JUSTIFY\"><i>1996-1997<\/i> C.P. M\u00c9RIDA S.A.D. &#8211; 2\u00aa Divisi\u00f3n.<\/p>\n<p align=\"JUSTIFY\"><span style=\"font-family: 'Liberation Serif', serif;\" data-mce-mark=\"1\">&nbsp; &nbsp; &nbsp; &nbsp; &nbsp; &nbsp; &nbsp; \u25ba<\/span><strong>ASCENSO A 1\u00aa DIV.<\/strong><\/p>\n<p align=\"JUSTIFY\">1990-1996 C.D.MOSTOLES \u2013 Categor\u00edas Inferiores<\/p>\n<p align=\"JUSTIFY\">1987-1990 REAL MADRID \u2013 Categor\u00edas Inferiores<\/p>\n<p align=\"JUSTIFY\"><span style=\"font-family: 'Liberation Serif', serif;\" data-mce-mark=\"1\">&nbsp; &nbsp; &nbsp; &nbsp; &nbsp; &nbsp; &nbsp; \u25ba<\/span><strong><span style=\"font-family: 'Liberation Serif', serif;\" data-mce-mark=\"1\">SUBCAMPE\u00d3N DE EUROPA \u2013 MEUD\u00d3N 1987<\/span><\/strong><\/p>\n<\/td>\n<td style=\"width: 100%;\"><strong>C.V. ACAD\u00c9MICO<\/strong><\/p>\n<p align=\"JUSTIFY\">2007-2010&nbsp;<b>Diplomatura&nbsp;<\/b><b>en&nbsp;<\/b><b>Magisterio,&nbsp;<\/b><b>especialidad&nbsp;<\/b><b>Educaci\u00f3n F\u00edsica<\/b><\/p>\n<p align=\"JUSTIFY\">2010&nbsp;<b>Declaraci\u00f3n&nbsp;<\/b><b>Eclesi\u00e1stica&nbsp;<\/b><b>de&nbsp;<\/b><b>Competencia&nbsp;<\/b><b>Acad\u00e9mica&nbsp;<\/b><b>(D.E.C.A)<\/b><\/p>\n<p align=\"JUSTIFY\"><b>FORMACI\u00d3N COMPLEMENTARIA<\/b><\/p>\n<p align=\"JUSTIFY\">2012 &nbsp; &nbsp; &nbsp; &nbsp; &nbsp;<b>Curso<\/b><b>Superior<\/b><b>de<\/b><b>Director<\/b><b>Deportivo&nbsp;<\/b>(RFEF)<\/p>\n<p align=\"JUSTIFY\">2009-2010&nbsp;<b>Director&nbsp;<\/b><b>de&nbsp;<\/b><b>Actividades&nbsp;<\/b><b>de<\/b><b>Tiempo<\/b><b>Libre<\/b><b>.&nbsp;<\/b><\/p>\n<p align=\"JUSTIFY\">2008-2009&nbsp;<b>Monitor&nbsp;<\/b><b>de&nbsp;<\/b><b>Actividades&nbsp;<\/b><b>de<\/b><b>Tiempo<\/b><b>Libre<\/b><b>.&nbsp;<\/b><\/p>\n<p align=\"JUSTIFY\">2006-2007&nbsp;<b>Experto&nbsp;<\/b><b>Profesional Actividades&nbsp;<\/b><b>Deportivas<\/b><\/p>\n<p align=\"JUSTIFY\">2005-2006&nbsp;<b>Especialista&nbsp;<\/b><b>en&nbsp;<\/b><b>Gesti\u00f3n&nbsp;<\/b><b>de&nbsp;<\/b><b>Empresas&nbsp;<\/b><b>Deportivas<\/b><\/p>\n<p align=\"JUSTIFY\">2004-2005&nbsp;<b>Experto&nbsp;<\/b><b>Universitario&nbsp;<\/b><b>en&nbsp;<\/b><b>Entrenamiento&nbsp;<\/b><b>Deportivo<\/b><\/p>\n<p align=\"JUSTIFY\">2000-2001&nbsp;<b>Entrenador&nbsp;<\/b><b>Regional&nbsp;<\/b><b>o<\/b><b>Territorial,<\/b><b>T\u00e9cnico<\/b><b>Deportivo&nbsp;<\/b><b>Nivel&nbsp;<\/b><b>2.&nbsp;<\/b><\/p>\n<p align=\"JUSTIFY\">1999-2000&nbsp;<b>Entrenador<\/b><b>Juvenil,<\/b><b>T\u00e9cnico&nbsp;<\/b><b>Deportivo&nbsp;<\/b><b>Nivel&nbsp;<\/b><b>1&nbsp;<\/b><\/p>\n<p align=\"JUSTIFY\">1993 &nbsp; &nbsp; &nbsp;<b>T\u00e9cnico<\/b><b>en<\/b><b>Primeros<\/b><b>Auxilios<\/b><b>y<\/b><b>T\u00e9cnicas<\/b><b>de<\/b><b>Salvamento<\/b><b>en<\/b><b>Piscinas&nbsp;<\/b>(FESS)<\/p>\n<p align=\"JUSTIFY\"><b>CURSOS Y SEMINARIOS<\/b><\/p>\n<p align=\"JUSTIFY\">2011 &nbsp;<b>Ense\u00f1ar&nbsp;<\/b><b>a&nbsp;<\/b><b>estudiar:&nbsp;<\/b><b>Procedimientos&nbsp;<\/b><b>y&nbsp;<\/b><b>T\u00e9cnicas&nbsp;<\/b><b>de&nbsp;<\/b><b>Estudio<\/b><\/p>\n<p align=\"JUSTIFY\"><b>&nbsp; &nbsp; &nbsp; &nbsp; &nbsp; Las&nbsp;<\/b><b>emociones&nbsp;<\/b><b>en&nbsp;<\/b><b>el&nbsp;<\/b><b>alumno&nbsp;<\/b><b>durante&nbsp;<\/b><b>e l<\/b><b>Proceso&nbsp;<\/b><b>Educativo.&nbsp;<\/b><\/p>\n<p align=\"JUSTIFY\">2010 &nbsp;<b>Pilates&nbsp;<\/b><b>y&nbsp;<\/b><b>Gimnasias&nbsp;<\/b><b>suaves<\/b><\/p>\n<p align=\"JUSTIFY\"><b>&nbsp; &nbsp; &nbsp; &nbsp; &nbsp; Bike&nbsp;<\/b><b>Control-Spinning-Ciclo<\/b><b>indoor:&nbsp;<\/b><b>3&nbsp;<\/b><b>filosof\u00edas&nbsp;<\/b><b>de&nbsp;<\/b><b>l a<\/b><b>misma&nbsp;<\/b><b>actividad<\/b><\/p>\n<p align=\"JUSTIFY\">2009 &nbsp;<b>Actividades&nbsp;<\/b><b>F\u00edsicas&nbsp;<\/b><b>en&nbsp;<\/b><b>Gimnasios:&nbsp;<\/b><b>Fitness&nbsp;<\/b><b>Deportivo.<\/b><b>&nbsp; &nbsp; &nbsp; &nbsp; &nbsp; Spinning-Ciclo<\/b><b>indoor-Bike<\/b><b>control:&nbsp;<\/b><b>actividad&nbsp;<\/b><b>f\u00edsica&nbsp;<\/b><b>sobre&nbsp;<\/b><b>la&nbsp;<\/b><b>bicicleta&nbsp;<\/b><b>est\u00e1tica.&nbsp;<\/b><\/p>\n<p align=\"JUSTIFY\">2003&nbsp;<strong>1<sup>as<\/sup><\/strong><b>Jornadas&nbsp;<\/b><b>de&nbsp;<\/b><b>Psicolog\u00eda&nbsp;<\/b><b>del&nbsp;<\/b><b>Deporte. Como Ponente. Patricia Ramirez Loeffler.<\/b><\/p>\n<p align=\"JUSTIFY\"><b>Jornadas<\/b><b>T\u00e9cnicas&nbsp;<\/b><b>de P<\/b><b>erfeccionamiento&nbsp;<\/b><b>y&nbsp;<\/b><b>Actualizaci\u00f3n.Santander.<\/b><\/p>\n<p>&nbsp;<\/td>\n<\/tr>\n<\/tbody>\n<\/table>\n<p align=\"JUSTIFY\">\n","protected":false},"excerpt":{"rendered":"<p>Hola, soy Diego. Desde que era peque\u00f1o quise ser jugador de f\u00fatbol y poder hacerlo en Primera Divisi\u00f3n. Incluso so\u00f1\u00e9 con llegar a jugar en la selecci\u00f3n. Y he conseguido hacer realidad la gran mayor\u00eda de mis sue\u00f1os. He disfrutado jugando en los mejores estadios y contra los mejores jugadores del mundo. Gracias a mi [&hellip;]<\/p>\n","protected":false},"author":2,"featured_media":93,"parent":0,"menu_order":10,"comment_status":"closed","ping_status":"closed","template":"page-full.php","meta":{"footnotes":""},"class_list":["post-74","page","type-page","status-publish","has-post-thumbnail","hentry"],"_links":{"self":[{"href":"https:\/\/www.diegocamacho.es\/index.php?rest_route=\/wp\/v2\/pages\/74","targetHints":{"allow":["GET"]}}],"collection":[{"href":"https:\/\/www.diegocamacho.es\/index.php?rest_route=\/wp\/v2\/pages"}],"about":[{"href":"https:\/\/www.diegocamacho.es\/index.php?rest_route=\/wp\/v2\/types\/page"}],"author":[{"embeddable":true,"href":"https:\/\/www.diegocamacho.es\/index.php?rest_route=\/wp\/v2\/users\/2"}],"replies":[{"embeddable":true,"href":"https:\/\/www.diegocamacho.es\/index.php?rest_route=%2Fwp%2Fv2%2Fcomments&post=74"}],"version-history":[{"count":42,"href":"https:\/\/www.diegocamacho.es\/index.php?rest_route=\/wp\/v2\/pages\/74\/revisions"}],"predecessor-version":[{"id":392,"href":"https:\/\/www.diegocamacho.es\/index.php?rest_route=\/wp\/v2\/pages\/74\/revisions\/392"}],"wp:featuredmedia":[{"embeddable":true,"href":"https:\/\/www.diegocamacho.es\/index.php?rest_route=\/wp\/v2\/media\/93"}],"wp:attachment":[{"href":"https:\/\/www.diegocamacho.es\/index.php?rest_route=%2Fwp%2Fv2%2Fmedia&parent=74"}],"curies":[{"name":"wp","href":"https:\/\/api.w.org\/{rel}","templated":true}]}}